{"id":630,"date":"2022-09-21T10:35:28","date_gmt":"2022-09-21T08:35:28","guid":{"rendered":"https:\/\/polskamisja.fr\/?page_id=630"},"modified":"2022-10-07T16:56:23","modified_gmt":"2022-10-07T14:56:23","slug":"grupa-biblijna","status":"publish","type":"page","link":"https:\/\/polskamisja.fr\/index.php\/grupa-biblijna\/","title":{"rendered":"Grupa Biblijna"},"content":{"rendered":"\n<p class=\"has-text-align-center\">&#8222;M\u00f3w Panie, bo s\u0142uga Tw\u00f3j s\u0142ucha&#8221; 1 Sm 3, 10<\/p>\n\n\n\n<div class=\"wp-block-image\"><figure class=\"aligncenter size-full is-resized\"><img loading=\"lazy\" decoding=\"async\" src=\"https:\/\/polskamisja.fr\/wp-content\/uploads\/2022\/09\/grupa-biblijna-obrazek-1.jpg\" alt=\"\" class=\"wp-image-813\" width=\"489\" height=\"308\" srcset=\"https:\/\/polskamisja.fr\/wp-content\/uploads\/2022\/09\/grupa-biblijna-obrazek-1.jpg 653w, https:\/\/polskamisja.fr\/wp-content\/uploads\/2022\/09\/grupa-biblijna-obrazek-1-300x189.jpg 300w\" sizes=\"auto, (max-width: 489px) 100vw, 489px\" \/><\/figure><\/div>\n\n\n\n<p>W naszej wsp\u00f3lnocie od roku dzia\u0142a Grupa Biblijna &#8222;W drodze&#8230;&#8221;. To grupa ludzi, kt\u00f3rzy wsp\u00f3lnie chc\u0105 czyta\u0107 S\u0142owo Bo\u017ce; pog\u0142\u0119bia\u0107 Jego tre\u015b\u0107; modli\u0107 si\u0119 we wsp\u00f3lnocie i te\u017c w naszych intencjach; umacnia\u0107 si\u0119 w wierze.<\/p>\n\n\n\n<p>Nasza grupa nosi nazw\u0119 &#8222;W drodze&#8230;&#8221;, bo ka\u017cdy z nas jest na pewnym etapie chodzenia za Panem Jezusem. Ka\u017cdy z nas jest na innym etapie &#8211; dlatego w naszej grupie jest miejsce dla wszystkich, bo przecie\u017c wszyscy potrzebujemy formacji, aby w tej drodze, kt\u00f3ra nie jest \u0142atwa nie zagubi\u0107 si\u0119.<\/p>\n\n\n\n<p>Program formacyjny znajduje si\u0119 <a href=\"https:\/\/polskamisja.fr\/index.php\/program-formacyjny\/\">tutaj<\/a>.<\/p>\n\n\n\n<p>Wyt\u0142umaczenie dzia\u0142ania Tr\u00f3jek Wzrastania dzia\u0142aj\u0105cych w ramach naszej grupy znajduje si\u0119 <a href=\"https:\/\/polskamisja.fr\/index.php\/trojki-wzrastania\/\">tutaj<\/a>.<\/p>\n\n\n\n<p>Zg\u0142oszenia do naszej Grupy Biblijnej u ks. Wojtka &#8211;\u00a0<a href=\"https:\/\/polskamisja.fr\/index.php\/kontakt\/\">kontakt<\/a>.<\/p>\n","protected":false},"excerpt":{"rendered":"<p>&#8222;M\u00f3w Panie, bo s\u0142uga Tw\u00f3j s\u0142ucha&#8221; 1 Sm 3, 10 W naszej wsp\u00f3lnocie od roku dzia\u0142a Grupa Biblijna &#8222;W drodze&#8230;&#8221;. To grupa ludzi, kt\u00f3rzy wsp\u00f3lnie chc\u0105 czyta\u0107 S\u0142owo Bo\u017ce; pog\u0142\u0119bia\u0107 &hellip; <\/p>\n<p class=\"link-more\"><a href=\"https:\/\/polskamisja.fr\/index.php\/grupa-biblijna\/\" class=\"more-link\">Czytaj dalej<span class=\"screen-reader-text\"> \u201eGrupa Biblijna\u201d<\/span><\/a><\/p>\n","protected":false},"author":5,"featured_media":0,"parent":0,"menu_order":0,"comment_status":"closed","ping_status":"closed","template":"","meta":{"footnotes":""},"class_list":["post-630","page","type-page","status-publish","hentry"],"_links":{"self":[{"href":"https:\/\/polskamisja.fr\/index.php\/wp-json\/wp\/v2\/pages\/630","targetHints":{"allow":["GET"]}}],"collection":[{"href":"https:\/\/polskamisja.fr\/index.php\/wp-json\/wp\/v2\/pages"}],"about":[{"href":"https:\/\/polskamisja.fr\/index.php\/wp-json\/wp\/v2\/types\/page"}],"author":[{"embeddable":true,"href":"https:\/\/polskamisja.fr\/index.php\/wp-json\/wp\/v2\/users\/5"}],"replies":[{"embeddable":true,"href":"https:\/\/polskamisja.fr\/index.php\/wp-json\/wp\/v2\/comments?post=630"}],"version-history":[{"count":5,"href":"https:\/\/polskamisja.fr\/index.php\/wp-json\/wp\/v2\/pages\/630\/revisions"}],"predecessor-version":[{"id":841,"href":"https:\/\/polskamisja.fr\/index.php\/wp-json\/wp\/v2\/pages\/630\/revisions\/841"}],"wp:attachment":[{"href":"https:\/\/polskamisja.fr\/index.php\/wp-json\/wp\/v2\/media?parent=630"}],"curies":[{"name":"wp","href":"https:\/\/api.w.org\/{rel}","templated":true}]}}